{"version":"1.0","provider_name":"Cheer-Dance","provider_url":"https:\/\/blogs.uninter.edu.mx\/CheerDance","author_name":"luzgalvez","author_url":"https:\/\/blogs.uninter.edu.mx\/CheerDance\/index.php\/author\/luzgalvez\/","title":"INTERNACIONALIZACI\u00d3N DEL CURR\u00cdCULUM - Cheer-Dance","type":"rich","width":600,"height":338,"html":"<blockquote class=\"wp-embedded-content\" data-secret=\"tGj9I6HLXh\"><a href=\"https:\/\/blogs.uninter.edu.mx\/CheerDance\/index.php\/2020\/11\/18\/internacionalizacion-del-curriculum\/\">INTERNACIONALIZACI\u00d3N DEL CURR\u00cdCULUM<\/a><\/blockquote><iframe sandbox=\"allow-scripts\" security=\"restricted\" src=\"https:\/\/blogs.uninter.edu.mx\/CheerDance\/index.php\/2020\/11\/18\/internacionalizacion-del-curriculum\/embed\/#?secret=tGj9I6HLXh\" width=\"600\" height=\"338\" title=\"&#8220;INTERNACIONALIZACI\u00d3N DEL CURR\u00cdCULUM&#8221; &#8212; Cheer-Dance\" data-secret=\"tGj9I6HLXh\" frameborder=\"0\" marginwidth=\"0\" marginheight=\"0\" scrolling=\"no\" class=\"wp-embedded-content\"><\/iframe><script type=\"text\/javascript\">\n\/* <![CDATA[ *\/\n\/*! This file is auto-generated *\/\n!function(d,l){\"use strict\";l.querySelector&&d.addEventListener&&\"undefined\"!=typeof URL&&(d.wp=d.wp||{},d.wp.receiveEmbedMessage||(d.wp.receiveEmbedMessage=function(e){var t=e.data;if((t||t.secret||t.message||t.value)&&!\/[^a-zA-Z0-9]\/.test(t.secret)){for(var s,r,n,a=l.querySelectorAll('iframe[data-secret=\"'+t.secret+'\"]'),o=l.querySelectorAll('blockquote[data-secret=\"'+t.secret+'\"]'),c=new RegExp(\"^https?:$\",\"i\"),i=0;i<o.length;i++)o[i].style.display=\"none\";for(i=0;i<a.length;i++)s=a[i],e.source===s.contentWindow&&(s.removeAttribute(\"style\"),\"height\"===t.message?(1e3<(r=parseInt(t.value,10))?r=1e3:~~r<200&&(r=200),s.height=r):\"link\"===t.message&&(r=new URL(s.getAttribute(\"src\")),n=new URL(t.value),c.test(n.protocol))&&n.host===r.host&&l.activeElement===s&&(d.top.location.href=t.value))}},d.addEventListener(\"message\",d.wp.receiveEmbedMessage,!1),l.addEventListener(\"DOMContentLoaded\",function(){for(var e,t,s=l.querySelectorAll(\"iframe.wp-embedded-content\"),r=0;r<s.length;r++)(t=(e=s[r]).getAttribute(\"data-secret\"))||(t=Math.random().toString(36).substring(2,12),e.src+=\"#?secret=\"+t,e.setAttribute(\"data-secret\",t)),e.contentWindow.postMessage({message:\"ready\",secret:t},\"*\")},!1)))}(window,document);\n\/* ]]> *\/\n<\/script>\n","thumbnail_url":null,"thumbnail_width":null,"thumbnail_height":null,"description":"Los invitamos a participar en la conferencia \u201cInternacionalizaci\u00f3n del Curr\u00edculum\u201d por Ibrahin N\u00fa\u00f1ez, Ganador del Concurso \u201cM\u00e9xico Global Rumbo J\u00f3ven\u201d, Consulado General de M\u00e9xico en Raleigh, Asistente de la Secci\u00f3n Consular de Asuntos Econ\u00f3micos Comerciales y Cooperaci\u00f3n Internacional de la Embajada de M\u00e9xico en Nueva Zelanda. Te esperamos el d\u00eda de hoy Mi\u00e9rcoles 18 de&hellip;"}